{"id":3907,"date":"2026-05-08T08:03:33","date_gmt":"2026-05-08T06:03:33","guid":{"rendered":"https:\/\/shop.ivd-sued.net\/?post_type=product&#038;p=3907"},"modified":"2026-05-08T09:54:58","modified_gmt":"2026-05-08T07:54:58","slug":"preisspiegel-gewerbeimmobilien-bayern-fruehjahr-2026","status":"publish","type":"product","link":"https:\/\/devs.ivd-sued.net\/?product=preisspiegel-gewerbeimmobilien-bayern-fruehjahr-2026","title":{"rendered":"Preisspiegel Gewerbeimmobilien Bayern Fr\u00fchjahr 2026"},"content":{"rendered":"<div class=\"elementor-element elementor-element-f90024f elementor-widget elementor-widget-woocommerce-product-content\" data-id=\"f90024f\" data-element_type=\"widget\" data-widget_type=\"woocommerce-product-content.default\">\n<div class=\"elementor-widget-container\">\n<p><strong>Hinweis: <\/strong>Der Preisspiegel wird ausschlie\u00dflich als PDF zur Verf\u00fcgung gestellt und nach Zahlungseingang automatisch zugestellt.<\/p>\n<p><strong>Der Preisspiegel ist eine tabellarische Auflistung der St\u00e4dte und Gemeinden und gibt einen umfassenden \u00dcberblick \u00fcber den jeweiligen aktuellen Gewerbeimmobilienmarkt.<\/strong><\/p>\n<p><strong>Inhalt<\/strong><\/p>\n<p><strong>Baugrundpreise f\u00fcr Gewerbe- und Industriefl\u00e4chen<\/strong><\/p>\n<p><strong>B\u00fcromieten<\/strong><\/p>\n<p><strong>Ladenmieten (jeweils 60 m\u00b2 \/ 150 m\u00b2)<br \/>\n<\/strong>\u2013 Gesch\u00e4ftskern 1a- und 1b-Lage<br \/>\n\u2013 Nebenkern 1a- und 1b-Lage<\/p>\n<p><strong>Multiplikatoren f\u00fcr Renditeobjekte<br \/>\n<\/strong>\u2013 Einkaufs- und Lagercenter<br \/>\n\u2013 B\u00fcroobjekte<br \/>\n\u2013 City- und Gesch\u00e4ftsh\u00e4user<\/p>\n<\/div>\n<\/div>\n<p>Stand: Fr\u00fchjahr 2026<br \/>\nSeitenanzahl: 28<\/p>\n","protected":false},"excerpt":{"rendered":"<p>Hinweis: Der Preisspiegel wird ausschlie\u00dflich als PDF zur Verf\u00fcgung gestellt und nach Zahlungseingang automatisch zugestellt. Der Preisspiegel ist eine tabellarische Auflistung der St\u00e4dte und Gemeinden und gibt einen umfassenden \u00dcberblick \u00fcber den jeweiligen aktuellen Gewerbeimmobilienmarkt. Inhalt Baugrundpreise f\u00fcr Gewerbe- und Industriefl\u00e4chen B\u00fcromieten Ladenmieten (jeweils 60 m\u00b2 \/ 150 m\u00b2) \u2013 Gesch\u00e4ftskern 1a- und 1b-Lage \u2013 [&hellip;]<\/p>\n","protected":false},"featured_media":3911,"template":"","meta":{"_acf_changed":false},"product_brand":[],"product_cat":[37],"product_tag":[],"class_list":{"0":"post-3907","1":"product","2":"type-product","3":"status-publish","4":"has-post-thumbnail","6":"product_cat-preisspiegel","7":"product_shipping_class-broschuerenversand","9":"first","10":"instock","11":"downloadable","12":"taxable","13":"shipping-taxable","14":"purchasable","15":"product-type-simple"},"acf":[],"yoast_head":"<!-- This site is optimized with the Yoast SEO plugin v27.5 - https:\/\/yoast.com\/product\/yoast-seo-wordpress\/ -->\n<title>Preisspiegel Gewerbeimmobilien Bayern Fr\u00fchjahr 2026 - IVD Shop<\/title>\n<meta name=\"robots\" content=\"noindex, follow, max-snippet:-1, max-image-preview:large, max-video-preview:-1\" \/>\n<meta property=\"og:locale\" content=\"de_DE\" \/>\n<meta property=\"og:type\" content=\"article\" \/>\n<meta property=\"og:title\" content=\"Preisspiegel Gewerbeimmobilien Bayern Fr\u00fchjahr 2026 - IVD Shop\" \/>\n<meta property=\"og:description\" content=\"Hinweis: Der Preisspiegel wird ausschlie\u00dflich als PDF zur Verf\u00fcgung gestellt und nach Zahlungseingang automatisch zugestellt. Der Preisspiegel ist eine tabellarische Auflistung der St\u00e4dte und Gemeinden und gibt einen umfassenden \u00dcberblick \u00fcber den jeweiligen aktuellen Gewerbeimmobilienmarkt. Inhalt Baugrundpreise f\u00fcr Gewerbe- und Industriefl\u00e4chen B\u00fcromieten Ladenmieten (jeweils 60 m\u00b2 \/ 150 m\u00b2) \u2013 Gesch\u00e4ftskern 1a- und 1b-Lage \u2013 [&hellip;]\" \/>\n<meta property=\"og:url\" content=\"https:\/\/devs.ivd-sued.net\/produkt\/preisspiegel-gewerbeimmobilien-bayern-fruehjahr-2026\/\" \/>\n<meta property=\"og:site_name\" content=\"IVD Shop\" \/>\n<meta property=\"article:modified_time\" content=\"2026-05-08T07:54:58+00:00\" \/>\n<meta property=\"og:image\" content=\"https:\/\/devs.ivd-sued.net\/wp-content\/uploads\/F2026-Preisspiegel-Gewerbeimmobilien-BY-scaled.jpg\" \/>\n\t<meta property=\"og:image:width\" content=\"1810\" \/>\n\t<meta property=\"og:image:height\" content=\"2560\" \/>\n\t<meta property=\"og:image:type\" content=\"image\/jpeg\" \/>\n<meta name=\"twitter:card\" content=\"summary_large_image\" \/>\n<meta name=\"twitter:label1\" content=\"Gesch\u00e4tzte Lesezeit\" \/>\n\t<meta name=\"twitter:data1\" content=\"1\u00a0Minute\" \/>\n<script type=\"application\/ld+json\" class=\"yoast-schema-graph\">{\"@context\":\"https:\\\/\\\/schema.org\",\"@graph\":[{\"@type\":\"WebPage\",\"@id\":\"https:\\\/\\\/devs.ivd-sued.net\\\/produkt\\\/preisspiegel-gewerbeimmobilien-bayern-fruehjahr-2026\\\/\",\"url\":\"https:\\\/\\\/devs.ivd-sued.net\\\/produkt\\\/preisspiegel-gewerbeimmobilien-bayern-fruehjahr-2026\\\/\",\"name\":\"Preisspiegel Gewerbeimmobilien Bayern Fr\u00fchjahr 2026 - IVD Shop\",\"isPartOf\":{\"@id\":\"https:\\\/\\\/devs.ivd-sued.net\\\/#website\"},\"primaryImageOfPage\":{\"@id\":\"https:\\\/\\\/devs.ivd-sued.net\\\/produkt\\\/preisspiegel-gewerbeimmobilien-bayern-fruehjahr-2026\\\/#primaryimage\"},\"image\":{\"@id\":\"https:\\\/\\\/devs.ivd-sued.net\\\/produkt\\\/preisspiegel-gewerbeimmobilien-bayern-fruehjahr-2026\\\/#primaryimage\"},\"thumbnailUrl\":\"https:\\\/\\\/devs.ivd-sued.net\\\/wp-content\\\/uploads\\\/F2026-Preisspiegel-Gewerbeimmobilien-BY-scaled.jpg\",\"datePublished\":\"2026-05-08T06:03:33+00:00\",\"dateModified\":\"2026-05-08T07:54:58+00:00\",\"breadcrumb\":{\"@id\":\"https:\\\/\\\/devs.ivd-sued.net\\\/produkt\\\/preisspiegel-gewerbeimmobilien-bayern-fruehjahr-2026\\\/#breadcrumb\"},\"inLanguage\":\"de\",\"potentialAction\":[{\"@type\":\"ReadAction\",\"target\":[\"https:\\\/\\\/devs.ivd-sued.net\\\/produkt\\\/preisspiegel-gewerbeimmobilien-bayern-fruehjahr-2026\\\/\"]}]},{\"@type\":\"ImageObject\",\"inLanguage\":\"de\",\"@id\":\"https:\\\/\\\/devs.ivd-sued.net\\\/produkt\\\/preisspiegel-gewerbeimmobilien-bayern-fruehjahr-2026\\\/#primaryimage\",\"url\":\"https:\\\/\\\/devs.ivd-sued.net\\\/wp-content\\\/uploads\\\/F2026-Preisspiegel-Gewerbeimmobilien-BY-scaled.jpg\",\"contentUrl\":\"https:\\\/\\\/devs.ivd-sued.net\\\/wp-content\\\/uploads\\\/F2026-Preisspiegel-Gewerbeimmobilien-BY-scaled.jpg\",\"width\":1810,\"height\":2560},{\"@type\":\"BreadcrumbList\",\"@id\":\"https:\\\/\\\/devs.ivd-sued.net\\\/produkt\\\/preisspiegel-gewerbeimmobilien-bayern-fruehjahr-2026\\\/#breadcrumb\",\"itemListElement\":[{\"@type\":\"ListItem\",\"position\":1,\"name\":\"Startseite\",\"item\":\"https:\\\/\\\/devs.ivd-sued.net\\\/\"},{\"@type\":\"ListItem\",\"position\":2,\"name\":\"Shop\",\"item\":\"https:\\\/\\\/devs.ivd-sued.net\\\/?page_id=16\"},{\"@type\":\"ListItem\",\"position\":3,\"name\":\"Preisspiegel Gewerbeimmobilien Bayern Fr\u00fchjahr 2026\"}]},{\"@type\":\"WebSite\",\"@id\":\"https:\\\/\\\/devs.ivd-sued.net\\\/#website\",\"url\":\"https:\\\/\\\/devs.ivd-sued.net\\\/\",\"name\":\"IVD Shop\",\"description\":\"Dokumenten-Shop\",\"publisher\":{\"@id\":\"https:\\\/\\\/devs.ivd-sued.net\\\/#organization\"},\"potentialAction\":[{\"@type\":\"SearchAction\",\"target\":{\"@type\":\"EntryPoint\",\"urlTemplate\":\"https:\\\/\\\/devs.ivd-sued.net\\\/?s={search_term_string}\"},\"query-input\":{\"@type\":\"PropertyValueSpecification\",\"valueRequired\":true,\"valueName\":\"search_term_string\"}}],\"inLanguage\":\"de\"},{\"@type\":\"Organization\",\"@id\":\"https:\\\/\\\/devs.ivd-sued.net\\\/#organization\",\"name\":\"IVD Shop\",\"url\":\"https:\\\/\\\/devs.ivd-sued.net\\\/\",\"logo\":{\"@type\":\"ImageObject\",\"inLanguage\":\"de\",\"@id\":\"https:\\\/\\\/devs.ivd-sued.net\\\/#\\\/schema\\\/logo\\\/image\\\/\",\"url\":\"https:\\\/\\\/devs.ivd-sued.net\\\/wp-content\\\/uploads\\\/Logo-IVD-Sued.png\",\"contentUrl\":\"https:\\\/\\\/devs.ivd-sued.net\\\/wp-content\\\/uploads\\\/Logo-IVD-Sued.png\",\"width\":1163,\"height\":338,\"caption\":\"IVD Shop\"},\"image\":{\"@id\":\"https:\\\/\\\/devs.ivd-sued.net\\\/#\\\/schema\\\/logo\\\/image\\\/\"}}]}<\/script>\n<!-- \/ Yoast SEO plugin. -->","yoast_head_json":{"title":"Preisspiegel Gewerbeimmobilien Bayern Fr\u00fchjahr 2026 - IVD Shop","robots":{"index":"noindex","follow":"follow","max-snippet":"max-snippet:-1","max-image-preview":"max-image-preview:large","max-video-preview":"max-video-preview:-1"},"og_locale":"de_DE","og_type":"article","og_title":"Preisspiegel Gewerbeimmobilien Bayern Fr\u00fchjahr 2026 - IVD Shop","og_description":"Hinweis: Der Preisspiegel wird ausschlie\u00dflich als PDF zur Verf\u00fcgung gestellt und nach Zahlungseingang automatisch zugestellt. Der Preisspiegel ist eine tabellarische Auflistung der St\u00e4dte und Gemeinden und gibt einen umfassenden \u00dcberblick \u00fcber den jeweiligen aktuellen Gewerbeimmobilienmarkt. Inhalt Baugrundpreise f\u00fcr Gewerbe- und Industriefl\u00e4chen B\u00fcromieten Ladenmieten (jeweils 60 m\u00b2 \/ 150 m\u00b2) \u2013 Gesch\u00e4ftskern 1a- und 1b-Lage \u2013 [&hellip;]","og_url":"https:\/\/devs.ivd-sued.net\/produkt\/preisspiegel-gewerbeimmobilien-bayern-fruehjahr-2026\/","og_site_name":"IVD Shop","article_modified_time":"2026-05-08T07:54:58+00:00","og_image":[{"width":1810,"height":2560,"url":"https:\/\/devs.ivd-sued.net\/wp-content\/uploads\/F2026-Preisspiegel-Gewerbeimmobilien-BY-scaled.jpg","type":"image\/jpeg"}],"twitter_card":"summary_large_image","twitter_misc":{"Gesch\u00e4tzte Lesezeit":"1\u00a0Minute"},"schema":{"@context":"https:\/\/schema.org","@graph":[{"@type":"WebPage","@id":"https:\/\/devs.ivd-sued.net\/produkt\/preisspiegel-gewerbeimmobilien-bayern-fruehjahr-2026\/","url":"https:\/\/devs.ivd-sued.net\/produkt\/preisspiegel-gewerbeimmobilien-bayern-fruehjahr-2026\/","name":"Preisspiegel Gewerbeimmobilien Bayern Fr\u00fchjahr 2026 - IVD Shop","isPartOf":{"@id":"https:\/\/devs.ivd-sued.net\/#website"},"primaryImageOfPage":{"@id":"https:\/\/devs.ivd-sued.net\/produkt\/preisspiegel-gewerbeimmobilien-bayern-fruehjahr-2026\/#primaryimage"},"image":{"@id":"https:\/\/devs.ivd-sued.net\/produkt\/preisspiegel-gewerbeimmobilien-bayern-fruehjahr-2026\/#primaryimage"},"thumbnailUrl":"https:\/\/devs.ivd-sued.net\/wp-content\/uploads\/F2026-Preisspiegel-Gewerbeimmobilien-BY-scaled.jpg","datePublished":"2026-05-08T06:03:33+00:00","dateModified":"2026-05-08T07:54:58+00:00","breadcrumb":{"@id":"https:\/\/devs.ivd-sued.net\/produkt\/preisspiegel-gewerbeimmobilien-bayern-fruehjahr-2026\/#breadcrumb"},"inLanguage":"de","potentialAction":[{"@type":"ReadAction","target":["https:\/\/devs.ivd-sued.net\/produkt\/preisspiegel-gewerbeimmobilien-bayern-fruehjahr-2026\/"]}]},{"@type":"ImageObject","inLanguage":"de","@id":"https:\/\/devs.ivd-sued.net\/produkt\/preisspiegel-gewerbeimmobilien-bayern-fruehjahr-2026\/#primaryimage","url":"https:\/\/devs.ivd-sued.net\/wp-content\/uploads\/F2026-Preisspiegel-Gewerbeimmobilien-BY-scaled.jpg","contentUrl":"https:\/\/devs.ivd-sued.net\/wp-content\/uploads\/F2026-Preisspiegel-Gewerbeimmobilien-BY-scaled.jpg","width":1810,"height":2560},{"@type":"BreadcrumbList","@id":"https:\/\/devs.ivd-sued.net\/produkt\/preisspiegel-gewerbeimmobilien-bayern-fruehjahr-2026\/#breadcrumb","itemListElement":[{"@type":"ListItem","position":1,"name":"Startseite","item":"https:\/\/devs.ivd-sued.net\/"},{"@type":"ListItem","position":2,"name":"Shop","item":"https:\/\/devs.ivd-sued.net\/?page_id=16"},{"@type":"ListItem","position":3,"name":"Preisspiegel Gewerbeimmobilien Bayern Fr\u00fchjahr 2026"}]},{"@type":"WebSite","@id":"https:\/\/devs.ivd-sued.net\/#website","url":"https:\/\/devs.ivd-sued.net\/","name":"IVD Shop","description":"Dokumenten-Shop","publisher":{"@id":"https:\/\/devs.ivd-sued.net\/#organization"},"potentialAction":[{"@type":"SearchAction","target":{"@type":"EntryPoint","urlTemplate":"https:\/\/devs.ivd-sued.net\/?s={search_term_string}"},"query-input":{"@type":"PropertyValueSpecification","valueRequired":true,"valueName":"search_term_string"}}],"inLanguage":"de"},{"@type":"Organization","@id":"https:\/\/devs.ivd-sued.net\/#organization","name":"IVD Shop","url":"https:\/\/devs.ivd-sued.net\/","logo":{"@type":"ImageObject","inLanguage":"de","@id":"https:\/\/devs.ivd-sued.net\/#\/schema\/logo\/image\/","url":"https:\/\/devs.ivd-sued.net\/wp-content\/uploads\/Logo-IVD-Sued.png","contentUrl":"https:\/\/devs.ivd-sued.net\/wp-content\/uploads\/Logo-IVD-Sued.png","width":1163,"height":338,"caption":"IVD Shop"},"image":{"@id":"https:\/\/devs.ivd-sued.net\/#\/schema\/logo\/image\/"}}]}},"_links":{"self":[{"href":"https:\/\/devs.ivd-sued.net\/index.php?rest_route=\/wp\/v2\/product\/3907","targetHints":{"allow":["GET"]}}],"collection":[{"href":"https:\/\/devs.ivd-sued.net\/index.php?rest_route=\/wp\/v2\/product"}],"about":[{"href":"https:\/\/devs.ivd-sued.net\/index.php?rest_route=\/wp\/v2\/types\/product"}],"version-history":[{"count":3,"href":"https:\/\/devs.ivd-sued.net\/index.php?rest_route=\/wp\/v2\/product\/3907\/revisions"}],"predecessor-version":[{"id":3921,"href":"https:\/\/devs.ivd-sued.net\/index.php?rest_route=\/wp\/v2\/product\/3907\/revisions\/3921"}],"wp:featuredmedia":[{"embeddable":true,"href":"https:\/\/devs.ivd-sued.net\/index.php?rest_route=\/wp\/v2\/media\/3911"}],"wp:attachment":[{"href":"https:\/\/devs.ivd-sued.net\/index.php?rest_route=%2Fwp%2Fv2%2Fmedia&parent=3907"}],"wp:term":[{"taxonomy":"product_brand","embeddable":true,"href":"https:\/\/devs.ivd-sued.net\/index.php?rest_route=%2Fwp%2Fv2%2Fproduct_brand&post=3907"},{"taxonomy":"product_cat","embeddable":true,"href":"https:\/\/devs.ivd-sued.net\/index.php?rest_route=%2Fwp%2Fv2%2Fproduct_cat&post=3907"},{"taxonomy":"product_tag","embeddable":true,"href":"https:\/\/devs.ivd-sued.net\/index.php?rest_route=%2Fwp%2Fv2%2Fproduct_tag&post=3907"}],"curies":[{"name":"wp","href":"https:\/\/api.w.org\/{rel}","templated":true}]}}